{"id":985,"date":"2011-03-31T22:46:48","date_gmt":"2011-03-31T20:46:48","guid":{"rendered":"https:\/\/staging.vakantie-meerlo-noord-limburg.nl\/?page_id=985"},"modified":"2021-06-01T10:43:47","modified_gmt":"2021-06-01T08:43:47","slug":"vergaderen","status":"publish","type":"page","link":"https:\/\/staging.vakantie-meerlo-noord-limburg.nl\/fr\/zakelijk-en-feesten\/vergaderen\/","title":{"rendered":"R\u00e9union d&rsquo;affaires"},"content":{"rendered":"<div class=\"wpb-content-wrapper\">[vc_row type=\u00a0\u00bbin_container\u00a0\u00bb scene_position=\u00a0\u00bbcenter\u00a0\u00bb text_color=\u00a0\u00bbdark\u00a0\u00bb text_align=\u00a0\u00bbleft\u00a0\u00bb][vc_column width=\u00a0\u00bb1\/2&Prime; column_padding=\u00a0\u00bbno-extra-padding\u00a0\u00bb column_padding_position=\u00a0\u00bball\u00a0\u00bb background_color_opacity=\u00a0\u00bb1&Prime; background_hover_color_opacity=\u00a0\u00bb1&Prime;][vc_column_text]\n<h1 style=\"text-align: left;\">R\u00e9union d&rsquo;affaires<\/h1>\n<p><a href=\"https:\/\/staging.vakantie-meerlo-noord-limburg.nl\/call-me-back\/\" rel=\"attachment wp-att-6833\"><img loading=\"lazy\" decoding=\"async\" class=\"alignright size-thumbnail wp-image-6833\" src=\"https:\/\/staging.vakantie-meerlo-noord-limburg.nl\/wp-content\/uploads\/Vakantie-Meerlo_stel_hier_uw_v-175x175.png\" alt=\"Vakantie Meerlo_stel_hier_uw_v\" width=\"175\" height=\"175\" \/><\/a><\/p>\n<p>En plus de v\u00f4tre nuit c&rsquo;est possible de se rassembler \u00e0 Vakantie Meerlo.<\/p>\n<p>La salle de conf\u00e9rence peut accommoder 20 personnes. Vous pouvez la r\u00e9server en combinaison avec un s\u00e9jour d&rsquo;au moins une personne.<\/p>\n<p>Si vous souhaitez se rassembler, mais ne n\u00e9cessitez pas d\u2019h\u00e9bergement, vous pouvez r\u00e9server la salle seulement a court terme. <span id=\"result_box\" class=\"\" lang=\"fr\"><\/span><\/p>\n<p><span class=\"hps\">Pour plus d&rsquo;informations<\/span><span class=\"\">,<\/span> <span class=\"hps\">s&rsquo;il vous pla\u00eet<\/span> <span class=\"hps\"><a href=\"https:\/\/staging.vakantie-meerlo-noord-limburg.nl\/contact\/\">contactez-nous<\/a><\/span>.<\/p>\n[\/vc_column_text][\/vc_column][vc_column width=\u00a0\u00bb1\/2&Prime; column_padding=\u00a0\u00bbno-extra-padding\u00a0\u00bb column_padding_position=\u00a0\u00bball\u00a0\u00bb background_color_opacity=\u00a0\u00bb1&Prime; background_hover_color_opacity=\u00a0\u00bb1&Prime;][vc_gallery type=\u00a0\u00bbimage_grid\u00a0\u00bb images=\u00a0\u00bb8364,8365,8366,8361,8362,8363,8360&Prime; img_size=\u00a0\u00bb150&#215;150&Prime; css_animation=\u00a0\u00bbfadeIn\u00a0\u00bb layout=\u00a0\u00bb3&Prime; gallery_style=\u00a0\u00bb3&Prime; el_class=\u00a0\u00bbBekijk groter\u00a0\u00bb][\/vc_column][\/vc_row]\n<\/div>","protected":false},"excerpt":{"rendered":"<p>[vc_row type=\u00a0\u00bbin_container\u00a0\u00bb scene_position=\u00a0\u00bbcenter\u00a0\u00bb text_color=\u00a0\u00bbdark\u00a0\u00bb text_align=\u00a0\u00bbleft\u00a0\u00bb][vc_column width=\u00a0\u00bb1\/2&Prime; column_padding=\u00a0\u00bbno-extra-padding\u00a0\u00bb column_padding_position=\u00a0\u00bball\u00a0\u00bb background_color_opacity=\u00a0\u00bb1&Prime; background_hover_color_opacity=\u00a0\u00bb1&Prime;][vc_column_text] R\u00e9union d&rsquo;affaires En plus de v\u00f4tre nuit c&rsquo;est possible de se rassembler \u00e0 Vakantie Meerlo. La salle de conf\u00e9rence peut&#8230;<\/p>\n","protected":false},"author":2,"featured_media":0,"parent":8315,"menu_order":2,"comment_status":"closed","ping_status":"closed","template":"","meta":{"footnotes":""},"class_list":["post-985","page","type-page","status-publish"],"_links":{"self":[{"href":"https:\/\/staging.vakantie-meerlo-noord-limburg.nl\/fr\/wp-json\/wp\/v2\/pages\/985","targetHints":{"allow":["GET"]}}],"collection":[{"href":"https:\/\/staging.vakantie-meerlo-noord-limburg.nl\/fr\/wp-json\/wp\/v2\/pages"}],"about":[{"href":"https:\/\/staging.vakantie-meerlo-noord-limburg.nl\/fr\/wp-json\/wp\/v2\/types\/page"}],"author":[{"embeddable":true,"href":"https:\/\/staging.vakantie-meerlo-noord-limburg.nl\/fr\/wp-json\/wp\/v2\/users\/2"}],"replies":[{"embeddable":true,"href":"https:\/\/staging.vakantie-meerlo-noord-limburg.nl\/fr\/wp-json\/wp\/v2\/comments?post=985"}],"version-history":[{"count":69,"href":"https:\/\/staging.vakantie-meerlo-noord-limburg.nl\/fr\/wp-json\/wp\/v2\/pages\/985\/revisions"}],"predecessor-version":[{"id":10754,"href":"https:\/\/staging.vakantie-meerlo-noord-limburg.nl\/fr\/wp-json\/wp\/v2\/pages\/985\/revisions\/10754"}],"up":[{"embeddable":true,"href":"https:\/\/staging.vakantie-meerlo-noord-limburg.nl\/fr\/wp-json\/wp\/v2\/pages\/8315"}],"wp:attachment":[{"href":"https:\/\/staging.vakantie-meerlo-noord-limburg.nl\/fr\/wp-json\/wp\/v2\/media?parent=985"}],"curies":[{"name":"wp","href":"https:\/\/api.w.org\/{rel}","templated":true}]}}