{"id":5426,"date":"2013-03-08T18:41:18","date_gmt":"2013-03-08T17:41:18","guid":{"rendered":"https:\/\/staging.vakantie-meerlo-noord-limburg.nl\/?page_id=5426"},"modified":"2025-07-16T22:25:53","modified_gmt":"2025-07-16T20:25:53","slug":"groepsaccommodatie-de-schuur-22-personen","status":"publish","type":"page","link":"https:\/\/staging.vakantie-meerlo-noord-limburg.nl\/fr\/groepsvakanties\/groepsaccommodatie-de-schuur-22-personen\/","title":{"rendered":"La Grange 22p"},"content":{"rendered":"<div class=\"wpb-content-wrapper\">[vc_row type=\u00a0\u00bbin_container\u00a0\u00bb scene_position=\u00a0\u00bbcenter\u00a0\u00bb text_color=\u00a0\u00bbdark\u00a0\u00bb text_align=\u00a0\u00bbleft\u00a0\u00bb][vc_column column_padding=\u00a0\u00bbno-extra-padding\u00a0\u00bb column_padding_position=\u00a0\u00bball\u00a0\u00bb background_color_opacity=\u00a0\u00bb1&Prime; background_hover_color_opacity=\u00a0\u00bb1&Prime;][vc_column_text]\n<h1 style=\"text-align: center;\"><span style=\"color: #1d5329;\">&lsquo;La Grange | 22 personnes&rsquo;<\/span><\/h1>\n<p><span id=\"result_box\" class=\"\" lang=\"fr\" style=\"text-align: left;\"><span class=\"hps\">H\u00f4tel des Groupes<\/span> <span class=\"hps\">\/<\/span> Accommodation des Groupes <span class=\"hps\">\u00ab\u00a0La<\/span> <span class=\"hps\">Grange\u00a0\u00bb\u00a0<\/span><span class=\"hps\">est attach\u00e9e \u00e0<\/span> <span class=\"hps\">la demeure <\/span><span class=\"hps\">caract\u00e9ristique de Vakantie<\/span> <span class=\"hps\">Meerlo<\/span>. <span class=\"hps\">La<\/span> <span class=\"hps\">Grange a \u00e9t\u00e9 construit<\/span> <span class=\"hps\">en 1600. R\u00e9cemment, elle est transform\u00e9e en un nouveau et luxueux logement pour 22 personnes. Dans La Grange il y a 6 chambres, toutes avec sa propre salle de bain.\u00a0 <\/span> <span class=\"hps\">Le salon<\/span> <span class=\"hps\">commun<\/span> <span class=\"hps\">est suffisamment spacieux pour<\/span>\u00a0<span class=\"hps\">56 personnes<\/span>. Vous pouvez combiner <span class=\"hps\">La<\/span> <span class=\"hps\">Grange<\/span> avec La Demeure ou Le Ch\u00e2teau si votre groupe est plus grand que 22 personnes.<\/span>[\/vc_column_text][vc_single_image image=\u00a0\u00bb8070&Prime; img_size=\u00a0\u00bb300&#215;300&Prime; alignment=\u00a0\u00bbcenter\u00a0\u00bb onclick=\u00a0\u00bbcustom_link\u00a0\u00bb link=\u00a0\u00bbhttps:\/\/staging.vakantie-meerlo-noord-limburg.nl\/call-me-back\u00a0\u00bb][vc_gallery type=\u00a0\u00bbimage_grid\u00a0\u00bb images=\u00a0\u00bb6752,6750,6762,6761,9387,6755,6754,9527,6548,9525,8845,8843&Prime; img_size=\u00a0\u00bb200&#215;200&Prime; css_animation=\u00a0\u00bbfadeIn\u00a0\u00bb layout=\u00a0\u00bb3&Prime; gallery_style=\u00a0\u00bb3&Prime; el_class=\u00a0\u00bbBekijk groter\u00a0\u00bb][\/vc_column][\/vc_row][vc_row full_width=\u00a0\u00bbstretch_row\u00a0\u00bb][vc_column][vc_empty_space][vc_raw_html]JTNDaWZyYW1lJTIwc3JjJTNEJTIyaHR0cHMlM0ElMkYlMkZ3d3cudXdib2VraW5nLmNvbSUyRmNsYXNzJTJGY2xhc3MuZ2V0TW9kdWxlLnBocCUzRnVzZXJNb2R1bGVJRCUzRDg3ODE5YjBmZjFjMTViYzlhZTUwMTQwYWY5NDg1ZDE2JTI2dXNlckl0ZW0lM0QzNTMzJTI2aGVpZ2h0JTNEMTcwMCUyNndpZHRoJTNENTUwJTI2bGFuZyUzRG5sJTI2bnVtX21vbnRocyUzRDMlMjIlMjB3aWR0aCUzRCUyMjEwMCUyNSUyMiUyMGhlaWdodCUzRCUyMjMwMDAlMjIlMjBtYXJnaW53aWR0aCUzRCUyMjAlMjIlMjBtYXJnaW5oZWlnaHQlM0QlMjIwJTIyJTIwaHNwYWNlJTNEJTIyMCUyMiUyMHZzcGFjZSUzRCUyMjAlMjIlMjBmcmFtZWJvcmRlciUzRCUyMjAlMjIlMjBzY3JvbGxpbmclM0QlMjJ5ZXMlMjIlMjBhbGxvd3RyYW5zcGFyZW5jeSUzRCUyMnRydWUlMjIlM0UlM0MlMkZpZnJhbWUlM0U=[\/vc_raw_html][\/vc_column][\/vc_row][vc_row][vc_column][\/vc_column][\/vc_row]\n<\/div>","protected":false},"excerpt":{"rendered":"<p>[vc_row type=\u00a0\u00bbin_container\u00a0\u00bb scene_position=\u00a0\u00bbcenter\u00a0\u00bb text_color=\u00a0\u00bbdark\u00a0\u00bb text_align=\u00a0\u00bbleft\u00a0\u00bb][vc_column column_padding=\u00a0\u00bbno-extra-padding\u00a0\u00bb column_padding_position=\u00a0\u00bball\u00a0\u00bb background_color_opacity=\u00a0\u00bb1&Prime; background_hover_color_opacity=\u00a0\u00bb1&Prime;][vc_column_text] &lsquo;La Grange | 22 personnes&rsquo; H\u00f4tel des Groupes \/ Accommodation des Groupes \u00ab\u00a0La Grange\u00a0\u00bb\u00a0est attach\u00e9e \u00e0 la demeure caract\u00e9ristique de Vakantie&#8230;<\/p>\n","protected":false},"author":2,"featured_media":0,"parent":5254,"menu_order":1,"comment_status":"closed","ping_status":"closed","template":"","meta":{"footnotes":""},"class_list":["post-5426","page","type-page","status-publish"],"_links":{"self":[{"href":"https:\/\/staging.vakantie-meerlo-noord-limburg.nl\/fr\/wp-json\/wp\/v2\/pages\/5426","targetHints":{"allow":["GET"]}}],"collection":[{"href":"https:\/\/staging.vakantie-meerlo-noord-limburg.nl\/fr\/wp-json\/wp\/v2\/pages"}],"about":[{"href":"https:\/\/staging.vakantie-meerlo-noord-limburg.nl\/fr\/wp-json\/wp\/v2\/types\/page"}],"author":[{"embeddable":true,"href":"https:\/\/staging.vakantie-meerlo-noord-limburg.nl\/fr\/wp-json\/wp\/v2\/users\/2"}],"replies":[{"embeddable":true,"href":"https:\/\/staging.vakantie-meerlo-noord-limburg.nl\/fr\/wp-json\/wp\/v2\/comments?post=5426"}],"version-history":[{"count":201,"href":"https:\/\/staging.vakantie-meerlo-noord-limburg.nl\/fr\/wp-json\/wp\/v2\/pages\/5426\/revisions"}],"predecessor-version":[{"id":11357,"href":"https:\/\/staging.vakantie-meerlo-noord-limburg.nl\/fr\/wp-json\/wp\/v2\/pages\/5426\/revisions\/11357"}],"up":[{"embeddable":true,"href":"https:\/\/staging.vakantie-meerlo-noord-limburg.nl\/fr\/wp-json\/wp\/v2\/pages\/5254"}],"wp:attachment":[{"href":"https:\/\/staging.vakantie-meerlo-noord-limburg.nl\/fr\/wp-json\/wp\/v2\/media?parent=5426"}],"curies":[{"name":"wp","href":"https:\/\/api.w.org\/{rel}","templated":true}]}}