{"id":2428,"date":"2011-06-28T21:34:46","date_gmt":"2011-06-28T19:34:46","guid":{"rendered":"https:\/\/staging.vakantie-meerlo-noord-limburg.nl\/?page_id=2428"},"modified":"2025-05-10T15:09:52","modified_gmt":"2025-05-10T13:09:52","slug":"vakantie-meerlo-grote-groepen","status":"publish","type":"page","link":"https:\/\/staging.vakantie-meerlo-noord-limburg.nl\/fr\/groepsvakanties\/vakantie-meerlo-grote-groepen\/","title":{"rendered":"Arrangement de S\u00e9jour des Groupes"},"content":{"rendered":"<div class=\"wpb-content-wrapper\">[vc_row][vc_column][vc_column_text]\n<h1 style=\"text-align: center;\"><strong><span style=\"color: #1d5329;\">&lsquo;Vakantie Meerlo | Grote Groepen<\/span><\/strong><strong><span style=\"color: #1d5329;\">&lsquo;<\/span><\/strong><\/h1>\n[\/vc_column_text][\/vc_column][\/vc_row][vc_row][vc_column][vc_column_text]\n<p style=\"text-align: center;\"><span style=\"color: #1d5329;\"><strong>Personnalisez votre s\u00e9jour&#8230;<\/strong><\/span><\/p>\n<p><span id=\"result_box\" class=\"\" lang=\"fr\"><span class=\"hps\">Il est\u00a0<\/span><span class=\"hps\">possible de combiner les<\/span> <span class=\"hps\">diff\u00e9rents h\u00e9bergements<\/span>. <span class=\"hps\">Ceci est pratique<\/span> <span class=\"hps\">si votre<\/span> <span class=\"hps\">groupe est constitu\u00e9<\/span> <span class=\"hps\">de personnes de<\/span> <span class=\"hps\">l&rsquo;\u00e2ge et\/<\/span><span class=\"hps\">ou de mobilit\u00e9<\/span> <span class=\"hps\">variable.<\/span> <span class=\"hps\">Par exemple<\/span><span class=\"\">:<\/span> <span class=\"hps\">lors d&rsquo;une f\u00eate<\/span> <span class=\"hps\">de famille<\/span>, <span class=\"hps\">les<\/span> <span class=\"hps\">enfants peuvent<\/span> <span class=\"hps\">rester dans une<\/span> Hutte Robuste, <span class=\"hps\">tandis que les<\/span> <span class=\"hps\">parents prennent<\/span> <span class=\"hps\">une Chambre H\u00f4tel<\/span>, <span class=\"hps\">et<\/span> <span class=\"hps\">les<\/span> <span class=\"hps\">grands-parents<\/span> <span class=\"hps\">un appartement de luxe<\/span> <span class=\"hps\">au rez de chauss\u00e9e<\/span><span class=\"\">.<\/span><\/span><\/p>\n<p><span id=\"result_box\" class=\"\" lang=\"fr\"><span class=\"hps\">Les<\/span> <span class=\"hps\">logements de groupe<\/span> <span class=\"hps\">de<\/span> <span class=\"hps\">Vakantie <\/span><span class=\"hps\">Meerlo<\/span> <span class=\"hps\">se trouvent dans<\/span> <span class=\"hps\">le nord du Limbourg<\/span>, <span class=\"hps\">\u00e0 8 km de<\/span> <span class=\"hps\">Horst<\/span> <span class=\"hps\">et<\/span> <span class=\"hps\">Venray<\/span>. <span class=\"hps\">Le<\/span> <span class=\"hps\">g\u00eete de groupe<\/span> <span class=\"hps\">se trouve \u00e0 17<\/span> <span class=\"hps\">km de<\/span> <span class=\"hps\">Venlo<\/span>, <span class=\"hps\">et \u00e0 15<\/span> <span class=\"hps\">minutes en voiture<\/span> <span class=\"hps\">de l&rsquo;Airport<\/span> <span class=\"hps\">Niederrhein<\/span>. <span class=\"hps\">Les<\/span> <span class=\"hps\">belles<\/span> <span class=\"hps\">randonn\u00e9es dans le<\/span> <span class=\"hps\">Parc National<\/span> <span class=\"hps\">Maasduinen<\/span> <span class=\"hps\">se trouvent<\/span> <span class=\"hps\">15 \u00e0 20<\/span> <span class=\"hps\">minutes en voiture.<\/span><\/span>[\/vc_column_text][\/vc_column][\/vc_row][vc_row][vc_column][vc_single_image image=\u00a0\u00bb8070&Prime; img_size=\u00a0\u00bb300&#215;300&Prime; alignment=\u00a0\u00bbcenter\u00a0\u00bb onclick=\u00a0\u00bbcustom_link\u00a0\u00bb link=\u00a0\u00bbhttps:\/\/staging.vakantie-meerlo-noord-limburg.nl\/call-me-back\u00a0\u00bb][\/vc_column][\/vc_row][vc_row][vc_column][\/vc_column][\/vc_row]\n<\/div>","protected":false},"excerpt":{"rendered":"<p>[vc_row][vc_column][vc_column_text] &lsquo;Vakantie Meerlo | Grote Groepen&lsquo; [\/vc_column_text][\/vc_column][\/vc_row][vc_row][vc_column][vc_column_text] Personnalisez votre s\u00e9jour&#8230; Il est\u00a0possible de combiner les diff\u00e9rents h\u00e9bergements. Ceci est pratique si votre groupe est constitu\u00e9 de personnes de l&rsquo;\u00e2ge et\/ou&#8230;<\/p>\n","protected":false},"author":1,"featured_media":0,"parent":5254,"menu_order":6,"comment_status":"closed","ping_status":"closed","template":"","meta":{"footnotes":""},"class_list":["post-2428","page","type-page","status-publish"],"_links":{"self":[{"href":"https:\/\/staging.vakantie-meerlo-noord-limburg.nl\/fr\/wp-json\/wp\/v2\/pages\/2428","targetHints":{"allow":["GET"]}}],"collection":[{"href":"https:\/\/staging.vakantie-meerlo-noord-limburg.nl\/fr\/wp-json\/wp\/v2\/pages"}],"about":[{"href":"https:\/\/staging.vakantie-meerlo-noord-limburg.nl\/fr\/wp-json\/wp\/v2\/types\/page"}],"author":[{"embeddable":true,"href":"https:\/\/staging.vakantie-meerlo-noord-limburg.nl\/fr\/wp-json\/wp\/v2\/users\/1"}],"replies":[{"embeddable":true,"href":"https:\/\/staging.vakantie-meerlo-noord-limburg.nl\/fr\/wp-json\/wp\/v2\/comments?post=2428"}],"version-history":[{"count":96,"href":"https:\/\/staging.vakantie-meerlo-noord-limburg.nl\/fr\/wp-json\/wp\/v2\/pages\/2428\/revisions"}],"predecessor-version":[{"id":11201,"href":"https:\/\/staging.vakantie-meerlo-noord-limburg.nl\/fr\/wp-json\/wp\/v2\/pages\/2428\/revisions\/11201"}],"up":[{"embeddable":true,"href":"https:\/\/staging.vakantie-meerlo-noord-limburg.nl\/fr\/wp-json\/wp\/v2\/pages\/5254"}],"wp:attachment":[{"href":"https:\/\/staging.vakantie-meerlo-noord-limburg.nl\/fr\/wp-json\/wp\/v2\/media?parent=2428"}],"curies":[{"name":"wp","href":"https:\/\/api.w.org\/{rel}","templated":true}]}}